{"version":"1.0","provider_name":"Schauman Hall","provider_url":"https:\/\/schaumanhall.fi\/en\/","author_name":"Lise Strand","author_url":"https:\/\/schaumanhall.fi\/en\/author\/lise-strand\/","title":"Den tillf\u00e4llige diktaren \u2013 en film om Lars Huld\u00e9n | Schauman Hall","type":"rich","width":600,"height":338,"html":"<blockquote class=\"wp-embedded-content\" data-secret=\"YzbRdMt7fB\"><a href=\"https:\/\/schaumanhall.fi\/en\/event\/den-tillfallige-diktaren-en-film-om-lars-hulden\/\">Den tillf\u00e4llige diktaren \u2013 en film om Lars Huld\u00e9n<\/a><\/blockquote><iframe sandbox=\"allow-scripts\" security=\"restricted\" src=\"https:\/\/schaumanhall.fi\/en\/event\/den-tillfallige-diktaren-en-film-om-lars-hulden\/embed\/#?secret=YzbRdMt7fB\" width=\"600\" height=\"338\" title=\"&#8220;Den tillf\u00e4llige diktaren \u2013 en film om Lars Huld\u00e9n&#8221; &#8212; Schauman Hall\" data-secret=\"YzbRdMt7fB\" frameborder=\"0\" marginwidth=\"0\" marginheight=\"0\" scrolling=\"no\" class=\"wp-embedded-content\"><\/iframe><script type=\"text\/javascript\">\n\/* <![CDATA[ *\/\n\/*! This file is auto-generated *\/\n!function(d,l){\"use strict\";l.querySelector&&d.addEventListener&&\"undefined\"!=typeof URL&&(d.wp=d.wp||{},d.wp.receiveEmbedMessage||(d.wp.receiveEmbedMessage=function(e){var t=e.data;if((t||t.secret||t.message||t.value)&&!\/[^a-zA-Z0-9]\/.test(t.secret)){for(var s,r,n,a=l.querySelectorAll('iframe[data-secret=\"'+t.secret+'\"]'),o=l.querySelectorAll('blockquote[data-secret=\"'+t.secret+'\"]'),c=new RegExp(\"^https?:$\",\"i\"),i=0;i<o.length;i++)o[i].style.display=\"none\";for(i=0;i<a.length;i++)s=a[i],e.source===s.contentWindow&&(s.removeAttribute(\"style\"),\"height\"===t.message?(1e3<(r=parseInt(t.value,10))?r=1e3:~~r<200&&(r=200),s.height=r):\"link\"===t.message&&(r=new URL(s.getAttribute(\"src\")),n=new URL(t.value),c.test(n.protocol))&&n.host===r.host&&l.activeElement===s&&(d.top.location.href=t.value))}},d.addEventListener(\"message\",d.wp.receiveEmbedMessage,!1),l.addEventListener(\"DOMContentLoaded\",function(){for(var e,t,s=l.querySelectorAll(\"iframe.wp-embedded-content\"),r=0;r<s.length;r++)(t=(e=s[r]).getAttribute(\"data-secret\"))||(t=Math.random().toString(36).substring(2,12),e.src+=\"#?secret=\"+t,e.setAttribute(\"data-secret\",t)),e.contentWindow.postMessage({message:\"ready\",secret:t},\"*\")},!1)))}(window,document);\n\/* ]]> *\/\n<\/script>\n","description":"En film om Lars Huld\u00e9n med levande musik (dikter till musik av Chydenius) framf\u00f6rda av Fanny Sj\u00f6lind och Astrid Stenberg, Mikael Svarvar (piano) \u201dDen tillf\u00e4llige diktaren\u201d \u00e4r en dokument\u00e4r om Lars Huld\u00e9n och hans f\u00f6rfattarskap. Vi m\u00f6ter honom i hans milj\u00f6er p\u00e5 barndomshemmet N\u00f6rr\u00e5kers i Mon\u00e5 och i Helsingfors under sommaren\/h\u00f6sten 2015. Lars Huld\u00e9n fyller... Read More"}