{"version":"1.0","provider_name":"Schauman Hall","provider_url":"https:\/\/schaumanhall.fi\/en\/","author_name":"Lise Strand","author_url":"https:\/\/schaumanhall.fi\/en\/author\/lise-strand\/","title":"En Gr\u00e4nsl\u00f6s Julkonsert - Joulukonsertti ilman rajoja | Schauman Hall","type":"rich","width":600,"height":338,"html":"<blockquote class=\"wp-embedded-content\" data-secret=\"awASXOcXFa\"><a href=\"https:\/\/schaumanhall.fi\/en\/event\/en-granslos-julkonsert-joulukonsertti-ilman-rajoja\/\">En Gr\u00e4nsl\u00f6s Julkonsert &#8211; Joulukonsertti ilman rajoja<\/a><\/blockquote><iframe sandbox=\"allow-scripts\" security=\"restricted\" src=\"https:\/\/schaumanhall.fi\/en\/event\/en-granslos-julkonsert-joulukonsertti-ilman-rajoja\/embed\/#?secret=awASXOcXFa\" width=\"600\" height=\"338\" title=\"&#8220;En Gr\u00e4nsl\u00f6s Julkonsert &#8211; Joulukonsertti ilman rajoja&#8221; &#8212; Schauman Hall\" data-secret=\"awASXOcXFa\" frameborder=\"0\" marginwidth=\"0\" marginheight=\"0\" scrolling=\"no\" class=\"wp-embedded-content\"><\/iframe><script type=\"text\/javascript\">\n\/* <![CDATA[ *\/\n\/*! This file is auto-generated *\/\n!function(d,l){\"use strict\";l.querySelector&&d.addEventListener&&\"undefined\"!=typeof URL&&(d.wp=d.wp||{},d.wp.receiveEmbedMessage||(d.wp.receiveEmbedMessage=function(e){var t=e.data;if((t||t.secret||t.message||t.value)&&!\/[^a-zA-Z0-9]\/.test(t.secret)){for(var s,r,n,a=l.querySelectorAll('iframe[data-secret=\"'+t.secret+'\"]'),o=l.querySelectorAll('blockquote[data-secret=\"'+t.secret+'\"]'),c=new RegExp(\"^https?:$\",\"i\"),i=0;i<o.length;i++)o[i].style.display=\"none\";for(i=0;i<a.length;i++)s=a[i],e.source===s.contentWindow&&(s.removeAttribute(\"style\"),\"height\"===t.message?(1e3<(r=parseInt(t.value,10))?r=1e3:~~r<200&&(r=200),s.height=r):\"link\"===t.message&&(r=new URL(s.getAttribute(\"src\")),n=new URL(t.value),c.test(n.protocol))&&n.host===r.host&&l.activeElement===s&&(d.top.location.href=t.value))}},d.addEventListener(\"message\",d.wp.receiveEmbedMessage,!1),l.addEventListener(\"DOMContentLoaded\",function(){for(var e,t,s=l.querySelectorAll(\"iframe.wp-embedded-content\"),r=0;r<s.length;r++)(t=(e=s[r]).getAttribute(\"data-secret\"))||(t=Math.random().toString(36).substring(2,12),e.src+=\"#?secret=\"+t,e.setAttribute(\"data-secret\",t)),e.contentWindow.postMessage({message:\"ready\",secret:t},\"*\")},!1)))}(window,document);\n\/* ]]> *\/\n<\/script>\n","description":"EN GR\u00c4NSL\u00d6S JULKONSERT Grundid\u00e9 och bakgrund: Tre kolleger \u00e4mnar, p\u00e5 initiativ av s\u00e5ngaren och musikalartisten Alexander Lycke, genomf\u00f6rde en turn\u00e9 med julkonserter i Svenskfinland och \u00c5land senaste \u00e5r. Alla tre hade tidigare arbetat tillsammans i olika musikalproduktioner. Fjol\u00e5rets julkonserter gav mersmak. Hallgarn, Lycke och Lillkung best\u00e4mde sig f\u00f6r att \u00e4ven i \u00e5r skapa en julkonsert... Read More"}