{"version":"1.0","provider_name":"Schauman Hall","provider_url":"https:\/\/schaumanhall.fi\/en\/","author_name":"Lise Strand","author_url":"https:\/\/schaumanhall.fi\/en\/author\/lise-strand\/","title":"Storyn bakom storyn - Svenska Yle p\u00e5 scen\u00a0 | Schauman Hall","type":"rich","width":600,"height":338,"html":"<blockquote class=\"wp-embedded-content\" data-secret=\"oL4NB9okyZ\"><a href=\"https:\/\/schaumanhall.fi\/en\/event\/storyn-bakom-storyn-svenska-yle-pa-scen\/\">Storyn bakom storyn &#8211; Svenska Yle p\u00e5 scen\u00a0<\/a><\/blockquote><iframe sandbox=\"allow-scripts\" security=\"restricted\" src=\"https:\/\/schaumanhall.fi\/en\/event\/storyn-bakom-storyn-svenska-yle-pa-scen\/embed\/#?secret=oL4NB9okyZ\" width=\"600\" height=\"338\" title=\"&#8220;Storyn bakom storyn &#8211; Svenska Yle p\u00e5 scen\u00a0&#8221; &#8212; Schauman Hall\" data-secret=\"oL4NB9okyZ\" frameborder=\"0\" marginwidth=\"0\" marginheight=\"0\" scrolling=\"no\" class=\"wp-embedded-content\"><\/iframe><script type=\"text\/javascript\">\n\/* <![CDATA[ *\/\n\/*! This file is auto-generated *\/\n!function(d,l){\"use strict\";l.querySelector&&d.addEventListener&&\"undefined\"!=typeof URL&&(d.wp=d.wp||{},d.wp.receiveEmbedMessage||(d.wp.receiveEmbedMessage=function(e){var t=e.data;if((t||t.secret||t.message||t.value)&&!\/[^a-zA-Z0-9]\/.test(t.secret)){for(var s,r,n,a=l.querySelectorAll('iframe[data-secret=\"'+t.secret+'\"]'),o=l.querySelectorAll('blockquote[data-secret=\"'+t.secret+'\"]'),c=new RegExp(\"^https?:$\",\"i\"),i=0;i<o.length;i++)o[i].style.display=\"none\";for(i=0;i<a.length;i++)s=a[i],e.source===s.contentWindow&&(s.removeAttribute(\"style\"),\"height\"===t.message?(1e3<(r=parseInt(t.value,10))?r=1e3:~~r<200&&(r=200),s.height=r):\"link\"===t.message&&(r=new URL(s.getAttribute(\"src\")),n=new URL(t.value),c.test(n.protocol))&&n.host===r.host&&l.activeElement===s&&(d.top.location.href=t.value))}},d.addEventListener(\"message\",d.wp.receiveEmbedMessage,!1),l.addEventListener(\"DOMContentLoaded\",function(){for(var e,t,s=l.querySelectorAll(\"iframe.wp-embedded-content\"),r=0;r<s.length;r++)(t=(e=s[r]).getAttribute(\"data-secret\"))||(t=Math.random().toString(36).substring(2,12),e.src+=\"#?secret=\"+t,e.setAttribute(\"data-secret\",t)),e.contentWindow.postMessage({message:\"ready\",secret:t},\"*\")},!1)))}(window,document);\n\/* ]]> *\/\n<\/script>\n","description":"\u00a0Vi \u00e4r vana att se dem i rutan, h\u00f6ra dem p\u00e5 radion och l\u00e4sa deras texter. Men journalistik \u00e4r s\u00e5 mycket mer \u00e4n bara slutprodukten. Nu st\u00e4ller sig \u00e5tta av Svenska Yles journalister f\u00f6r f\u00f6rsta g\u00e5ngen p\u00e5 scenen och bjuder publiken p\u00e5 en unik inblick i journalistikens v\u00e4rld. Publiken f\u00e5r h\u00f6ra storyn bakom storyn i... Read More"}