{"version":"1.0","provider_name":"Schaumansali","provider_url":"https:\/\/schaumanhall.fi\/fi\/","author_name":"Lise Strand","author_url":"https:\/\/schaumanhall.fi\/fi\/author\/lise-strand\/","title":"Juhlavuositapahtuma- Jaakon P\u00e4iv\u00e4t 50 vuotta | Schaumansali","type":"rich","width":600,"height":338,"html":"<blockquote class=\"wp-embedded-content\" data-secret=\"MvdZz0aTV3\"><a href=\"https:\/\/schaumanhall.fi\/fi\/event\/juhlavuositapahtuma-jaakon-paivat-50-vuotta\/\">Juhlavuositapahtuma- Jaakon P\u00e4iv\u00e4t 50 vuotta<\/a><\/blockquote><iframe sandbox=\"allow-scripts\" security=\"restricted\" src=\"https:\/\/schaumanhall.fi\/fi\/event\/juhlavuositapahtuma-jaakon-paivat-50-vuotta\/embed\/#?secret=MvdZz0aTV3\" width=\"600\" height=\"338\" title=\"&#8221;Juhlavuositapahtuma- Jaakon P\u00e4iv\u00e4t 50 vuotta&#8221; &#8212; Schaumansali\" data-secret=\"MvdZz0aTV3\" frameborder=\"0\" marginwidth=\"0\" marginheight=\"0\" scrolling=\"no\" class=\"wp-embedded-content\"><\/iframe><script type=\"text\/javascript\">\n\/* <![CDATA[ *\/\n\/*! This file is auto-generated *\/\n!function(d,l){\"use strict\";l.querySelector&&d.addEventListener&&\"undefined\"!=typeof URL&&(d.wp=d.wp||{},d.wp.receiveEmbedMessage||(d.wp.receiveEmbedMessage=function(e){var t=e.data;if((t||t.secret||t.message||t.value)&&!\/[^a-zA-Z0-9]\/.test(t.secret)){for(var s,r,n,a=l.querySelectorAll('iframe[data-secret=\"'+t.secret+'\"]'),o=l.querySelectorAll('blockquote[data-secret=\"'+t.secret+'\"]'),c=new RegExp(\"^https?:$\",\"i\"),i=0;i<o.length;i++)o[i].style.display=\"none\";for(i=0;i<a.length;i++)s=a[i],e.source===s.contentWindow&&(s.removeAttribute(\"style\"),\"height\"===t.message?(1e3<(r=parseInt(t.value,10))?r=1e3:~~r<200&&(r=200),s.height=r):\"link\"===t.message&&(r=new URL(s.getAttribute(\"src\")),n=new URL(t.value),c.test(n.protocol))&&n.host===r.host&&l.activeElement===s&&(d.top.location.href=t.value))}},d.addEventListener(\"message\",d.wp.receiveEmbedMessage,!1),l.addEventListener(\"DOMContentLoaded\",function(){for(var e,t,s=l.querySelectorAll(\"iframe.wp-embedded-content\"),r=0;r<s.length;r++)(t=(e=s[r]).getAttribute(\"data-secret\"))||(t=Math.random().toString(36).substring(2,12),e.src+=\"#?secret=\"+t,e.setAttribute(\"data-secret\",t)),e.contentWindow.postMessage({message:\"ready\",secret:t},\"*\")},!1)))}(window,document);\n\/* ]]> *\/\n<\/script>\n","description":"Martin Segerstr\u00e5le, tunnettu alueella musikaalien \u201cY\u00f6 on viel\u00e4 nuori\u201d ja \u201cKaksikymment\u00e4 sekuntia\u201d johtamisesta, johtaa iltaa t\u00e4ynn\u00e4 musiikillisia helmi\u00e4 muun muassa musikaalien maailmasta yhdess\u00e4 tunnettujen laulajien kanssa. Ilta sis\u00e4lt\u00e4\u00e4 my\u00f6s sellolla ja laululla esitettyj\u00e4 kappaleita. Tervetuloa! Esiintyj\u00e4t: Piano ja musiikillinen johto: Martin Segerstr\u00e5le Juontaja: Antti Koivukangas Laulu: Sarah Nederg\u00e5rd, Pia-Karin Rivera-Helsing, Filip Rosengren, S\u00f6ren Lillkung, Karita... Read More"}