{"version":"1.0","provider_name":"Schaumansali","provider_url":"https:\/\/schaumanhall.fi\/fi\/","author_name":"Lise Strand","author_url":"https:\/\/schaumanhall.fi\/fi\/author\/lise-strand\/","title":"Tarinan takana - Svenska Yle n\u00e4ytt\u00e4m\u00f6ll\u00e4\u00a0 | Schaumansali","type":"rich","width":600,"height":338,"html":"<blockquote class=\"wp-embedded-content\" data-secret=\"5LP33psbyV\"><a href=\"https:\/\/schaumanhall.fi\/fi\/event\/storyn-bakom-storyn-svenska-yle-pa-scen\/\">Tarinan takana &#8211; Svenska Yle n\u00e4ytt\u00e4m\u00f6ll\u00e4\u00a0<\/a><\/blockquote><iframe sandbox=\"allow-scripts\" security=\"restricted\" src=\"https:\/\/schaumanhall.fi\/fi\/event\/storyn-bakom-storyn-svenska-yle-pa-scen\/embed\/#?secret=5LP33psbyV\" width=\"600\" height=\"338\" title=\"&#8221;Tarinan takana &#8211; Svenska Yle n\u00e4ytt\u00e4m\u00f6ll\u00e4\u00a0&#8221; &#8212; Schaumansali\" data-secret=\"5LP33psbyV\" frameborder=\"0\" marginwidth=\"0\" marginheight=\"0\" scrolling=\"no\" class=\"wp-embedded-content\"><\/iframe><script type=\"text\/javascript\">\n\/* <![CDATA[ *\/\n\/*! This file is auto-generated *\/\n!function(d,l){\"use strict\";l.querySelector&&d.addEventListener&&\"undefined\"!=typeof URL&&(d.wp=d.wp||{},d.wp.receiveEmbedMessage||(d.wp.receiveEmbedMessage=function(e){var t=e.data;if((t||t.secret||t.message||t.value)&&!\/[^a-zA-Z0-9]\/.test(t.secret)){for(var s,r,n,a=l.querySelectorAll('iframe[data-secret=\"'+t.secret+'\"]'),o=l.querySelectorAll('blockquote[data-secret=\"'+t.secret+'\"]'),c=new RegExp(\"^https?:$\",\"i\"),i=0;i<o.length;i++)o[i].style.display=\"none\";for(i=0;i<a.length;i++)s=a[i],e.source===s.contentWindow&&(s.removeAttribute(\"style\"),\"height\"===t.message?(1e3<(r=parseInt(t.value,10))?r=1e3:~~r<200&&(r=200),s.height=r):\"link\"===t.message&&(r=new URL(s.getAttribute(\"src\")),n=new URL(t.value),c.test(n.protocol))&&n.host===r.host&&l.activeElement===s&&(d.top.location.href=t.value))}},d.addEventListener(\"message\",d.wp.receiveEmbedMessage,!1),l.addEventListener(\"DOMContentLoaded\",function(){for(var e,t,s=l.querySelectorAll(\"iframe.wp-embedded-content\"),r=0;r<s.length;r++)(t=(e=s[r]).getAttribute(\"data-secret\"))||(t=Math.random().toString(36).substring(2,12),e.src+=\"#?secret=\"+t,e.setAttribute(\"data-secret\",t)),e.contentWindow.postMessage({message:\"ready\",secret:t},\"*\")},!1)))}(window,document);\n\/* ]]> *\/\n<\/script>\n","description":"Olemme tottuneet n\u00e4kem\u00e4\u00e4n heid\u00e4t ruudussa, kuulemaan heit\u00e4 radiossa ja lukemaan heid\u00e4n tekstej\u00e4\u00e4n. Mutta journalismiin liittyy paljon muutakin kuin pelkk\u00e4 lopullinen juttu. Nyt kahdeksan Svenska Ylen toimittajaa astuu ensimm\u00e4ist\u00e4 kertaa lavalle tarjotakseen yleis\u00f6lle ainutlaatuisen n\u00e4k\u00f6kulman journalismiin. Yleis\u00f6 kuulee tarinat juttujen takana el\u00e4v\u00e4n journalismin muodossa. P\u00e4\u00e4semme kulissien taakse kuulemaan miten juttu syntyi, mutta my\u00f6s tutustumaan ihmiseen toimittajan... Read More"}